{"id":32552,"date":"2025-03-07T13:57:34","date_gmt":"2025-03-07T12:57:34","guid":{"rendered":"https:\/\/www.prointercultura.org\/?page_id=32552"},"modified":"2025-03-19T09:44:14","modified_gmt":"2025-03-19T08:44:14","slug":"accueil","status":"publish","type":"page","link":"https:\/\/www.prointercultura.org\/","title":{"rendered":"Accueil"},"content":{"rendered":"<div class=\"wp-block-columns alignwide is-layout-flex wp-container-core-columns-is-layout-28f84493 wp-block-columns-is-layout-flex\">\n<div class=\"wp-block-column is-layout-flow wp-block-column-is-layout-flow\">\n<div class=\"wp-block-group\"><div class=\"wp-block-group__inner-container is-layout-constrained wp-block-group-is-layout-constrained\">\n<div class=\"icon\">\n  <i class=\"fa-solid fa-bullseye\" style=\"color: #354D66;\"><\/i>\n<\/div>\n\n\n\n<hr class=\"wp-block-separator has-alpha-channel-opacity\"\/>\n\n\n\n<p class=\"has-text-align-center has-black-color has-text-color has-link-color wp-elements-104e338f802ad434a5ba703a24ca2e7a\" style=\"font-size:22px\"><strong>Accompagner<\/strong> les organisations et les particuliers dans les questions li\u00e9es \u00e0 la <strong>diversit\u00e9 culturelle<\/strong>, ses d\u00e9fis, et d\u00e9velopper tout son potentiel.<\/p>\n<\/div><\/div>\n<\/div>\n\n\n\n<div class=\"wp-block-column is-layout-flow wp-block-column-is-layout-flow\">\n<div class=\"wp-block-group\"><div class=\"wp-block-group__inner-container is-layout-constrained wp-block-group-is-layout-constrained\">\n<div class=\"icon\">\n  <i class=\"fa-solid fa-users-gear\" style=\"color: #354D66;\"><\/i>\n<\/div>\n\n\n\n<hr class=\"wp-block-separator has-alpha-channel-opacity\"\/>\n\n\n\n<p class=\"has-text-align-center has-black-color has-text-color has-link-color wp-elements-aeebdc5b702512eda61b58523788891e\" style=\"font-size:22px\"><strong><a href=\"https:\/\/www.prointercultura.org\/en-gb\/services\/\">Des services<\/a><\/strong> sur mesure : formation, conseil, accompagnement, ateliers, <a href=\"https:\/\/www.prointercultura.org\/en-gb\/intervisions-interculturelles\/\">intervisions<\/a> et tout autre selon vos objectifs et besoins&#8230;<\/p>\n<\/div><\/div>\n<\/div>\n\n\n\n<div class=\"wp-block-column is-layout-flow wp-block-column-is-layout-flow\">\n<div class=\"wp-block-group\"><div class=\"wp-block-group__inner-container is-layout-constrained wp-block-group-is-layout-constrained\">\n<div class=\"wp-block-group\"><div class=\"wp-block-group__inner-container is-layout-constrained wp-block-group-is-layout-constrained\">\n<div class=\"icon\">\n  <i class=\"fa-solid fa-feather\" style=\"color: #354D66;\"><\/i>\n<\/div>\n\n\n\n<hr class=\"wp-block-separator has-alpha-channel-opacity\"\/>\n\n\n\n<p class=\"has-text-align-center has-black-color has-text-color has-link-color wp-elements-4d79f1a416752cefc033a3e5f53a2b6d\" style=\"font-size:22px\"><strong>Une <a href=\"https:\/\/www.prointercultura.org\/en-gb\/approche\/\">d\u00e9marche<\/a> &amp; une \u00e9quipe <\/strong>internationale, interdisciplinaire et exp\u00e9riment\u00e9e, qui allie la recherche \u00e0 la pratique dans des savoirs, savoirs-faire et savoirs-\u00eatre.<\/p>\n<\/div><\/div>\n<\/div><\/div>\n<\/div>\n<\/div>\n\n\n\n<h2 class=\"wp-block-heading has-text-align-center\">Services<\/h2>\n\n\n\n<div id=\"wp-block-themeisle-blocks-advanced-columns-55b78b58\" class=\"wp-block-themeisle-blocks-advanced-columns alignfull has-3-columns has-desktop-equal-layout has-tablet-equal-layout has-mobile-collapsedRows-layout has-vertical-top ticss-c00aadba\"><div class=\"wp-block-themeisle-blocks-advanced-columns-overlay\"><\/div><div class=\"innerblocks-wrap\">\n<div id=\"wp-block-themeisle-blocks-advanced-column-d16eef57\" class=\"wp-block-themeisle-blocks-advanced-column\">\n<h3 id=\"wp-block-themeisle-blocks-advanced-heading-af4a6933\" class=\"wp-block-themeisle-blocks-advanced-heading wp-block-themeisle-blocks-advanced-heading-af4a6933\">              <a href=\"https:\/\/www.prointercultura.org\/en-gb\/linterculturel-au-service-des-organisations\/\">Organisations<\/a><\/h3>\n\n\n\n<div class=\"wp-block-cover aligncenter\"><span aria-hidden=\"true\" class=\"wp-block-cover__background has-background-dim\"><\/span><img fetchpriority=\"high\" decoding=\"async\" width=\"1024\" height=\"1024\" class=\"wp-block-cover__image-background wp-image-30782\" alt=\"\" src=\"http:\/\/www.prointercultura.org\/wp-content\/uploads\/2023\/09\/Auditorio-2-1.png\" data-object-fit=\"cover\" srcset=\"https:\/\/www.prointercultura.org\/wp-content\/uploads\/2023\/09\/Auditorio-2-1.png 1024w, https:\/\/www.prointercultura.org\/wp-content\/uploads\/2023\/09\/Auditorio-2-1-160x160.png 160w, https:\/\/www.prointercultura.org\/wp-content\/uploads\/2023\/09\/Auditorio-2-1-600x600.png 600w, https:\/\/www.prointercultura.org\/wp-content\/uploads\/2023\/09\/Auditorio-2-1-300x300.png 300w, https:\/\/www.prointercultura.org\/wp-content\/uploads\/2023\/09\/Auditorio-2-1-150x150.png 150w, https:\/\/www.prointercultura.org\/wp-content\/uploads\/2023\/09\/Auditorio-2-1-768x768.png 768w, https:\/\/www.prointercultura.org\/wp-content\/uploads\/2023\/09\/Auditorio-2-1-12x12.png 12w\" sizes=\"(max-width: 1024px) 100vw, 1024px\" \/><div class=\"wp-block-cover__inner-container is-layout-flow wp-block-cover-is-layout-flow\">\n<p class=\"has-text-align-center\" style=\"font-size:26px\">Capitaliser la diversit\u00e9 des \u00e9quipes, des talents et des partenariats<\/p>\n<\/div><\/div>\n\n\n\n<div class=\"wp-block-buttons is-content-justification-center is-layout-flex wp-container-core-buttons-is-layout-a89b3969 wp-block-buttons-is-layout-flex\">\n<div class=\"wp-block-button is-style-primary\"><a class=\"wp-block-button__link wp-element-button\" href=\"https:\/\/www.prointercultura.org\/en-gb\/linterculturel-au-service-des-organisations\/\">en savoir +<\/a><\/div>\n<\/div>\n<\/div>\n\n\n\n<div id=\"wp-block-themeisle-blocks-advanced-column-bd1b0b6b\" class=\"wp-block-themeisle-blocks-advanced-column\">\n<h3 id=\"wp-block-themeisle-blocks-advanced-heading-112ba0b0\" class=\"wp-block-themeisle-blocks-advanced-heading wp-block-themeisle-blocks-advanced-heading-112ba0b0\"><a href=\"https:\/\/www.prointercultura.org\/en-gb\/mobilites-internationales\/\">Mobilit\u00e9 Internationale<\/a><\/h3>\n\n\n\n<div class=\"wp-block-cover aligncenter\"><span aria-hidden=\"true\" class=\"wp-block-cover__background has-background-dim\"><\/span><img decoding=\"async\" width=\"1024\" height=\"1024\" class=\"wp-block-cover__image-background wp-image-31220\" alt=\"\" src=\"http:\/\/www.prointercultura.org\/wp-content\/uploads\/2023\/09\/ciguenhas-color-chungo-.png\" data-object-fit=\"cover\" srcset=\"https:\/\/www.prointercultura.org\/wp-content\/uploads\/2023\/09\/ciguenhas-color-chungo-.png 1024w, https:\/\/www.prointercultura.org\/wp-content\/uploads\/2023\/09\/ciguenhas-color-chungo--160x160.png 160w, https:\/\/www.prointercultura.org\/wp-content\/uploads\/2023\/09\/ciguenhas-color-chungo--600x600.png 600w, https:\/\/www.prointercultura.org\/wp-content\/uploads\/2023\/09\/ciguenhas-color-chungo--300x300.png 300w, https:\/\/www.prointercultura.org\/wp-content\/uploads\/2023\/09\/ciguenhas-color-chungo--150x150.png 150w, https:\/\/www.prointercultura.org\/wp-content\/uploads\/2023\/09\/ciguenhas-color-chungo--768x768.png 768w, https:\/\/www.prointercultura.org\/wp-content\/uploads\/2023\/09\/ciguenhas-color-chungo--12x12.png 12w\" sizes=\"(max-width: 1024px) 100vw, 1024px\" \/><div class=\"wp-block-cover__inner-container is-layout-flow wp-block-cover-is-layout-flow\">\n<p class=\"has-text-align-center\" style=\"font-size:26px\">R\u00e9soudre les aspects pratiques des mobilit\u00e9s internationales<\/p>\n<\/div><\/div>\n\n\n\n<div class=\"wp-block-buttons is-content-justification-center is-layout-flex wp-container-core-buttons-is-layout-a89b3969 wp-block-buttons-is-layout-flex\">\n<div class=\"wp-block-button is-style-primary\"><a class=\"wp-block-button__link wp-element-button\" href=\"https:\/\/www.prointercultura.org\/en-gb\/mobilites-internationales\/\">en savoir +<\/a><\/div>\n<\/div>\n<\/div>\n\n\n\n<div id=\"wp-block-themeisle-blocks-advanced-column-07b3d357\" class=\"wp-block-themeisle-blocks-advanced-column\">\n<h3 id=\"wp-block-themeisle-blocks-advanced-heading-c1dd424b\" class=\"wp-block-themeisle-blocks-advanced-heading wp-block-themeisle-blocks-advanced-heading-c1dd424b\">         <a href=\"https:\/\/www.prointercultura.org\/en-gb\/coaching-interculturel\/\">Coaching Interculturel<\/a><\/h3>\n\n\n\n<div class=\"wp-block-cover aligncenter\"><span aria-hidden=\"true\" class=\"wp-block-cover__background has-background-dim\"><\/span><img decoding=\"async\" width=\"1024\" height=\"1024\" class=\"wp-block-cover__image-background wp-image-31990\" alt=\"\" src=\"http:\/\/www.prointercultura.org\/wp-content\/uploads\/2024\/01\/Coaching-2-un-peu-date-WEBP.webp\" data-object-fit=\"cover\" srcset=\"https:\/\/www.prointercultura.org\/wp-content\/uploads\/2024\/01\/Coaching-2-un-peu-date-WEBP.webp 1024w, https:\/\/www.prointercultura.org\/wp-content\/uploads\/2024\/01\/Coaching-2-un-peu-date-WEBP-160x160.webp 160w, https:\/\/www.prointercultura.org\/wp-content\/uploads\/2024\/01\/Coaching-2-un-peu-date-WEBP-600x600.webp 600w, https:\/\/www.prointercultura.org\/wp-content\/uploads\/2024\/01\/Coaching-2-un-peu-date-WEBP-300x300.webp 300w, https:\/\/www.prointercultura.org\/wp-content\/uploads\/2024\/01\/Coaching-2-un-peu-date-WEBP-150x150.webp 150w, https:\/\/www.prointercultura.org\/wp-content\/uploads\/2024\/01\/Coaching-2-un-peu-date-WEBP-768x768.webp 768w, https:\/\/www.prointercultura.org\/wp-content\/uploads\/2024\/01\/Coaching-2-un-peu-date-WEBP-12x12.webp 12w\" sizes=\"(max-width: 1024px) 100vw, 1024px\" \/><div class=\"wp-block-cover__inner-container is-layout-flow wp-block-cover-is-layout-flow\">\n<p class=\"has-text-align-center\" style=\"font-size:26px\">Accompagner les questionnements r\u00e9veill\u00e9s par les parcours interculturels<\/p>\n<\/div><\/div>\n\n\n\n<div class=\"wp-block-buttons is-content-justification-center is-layout-flex wp-container-core-buttons-is-layout-a89b3969 wp-block-buttons-is-layout-flex\">\n<div class=\"wp-block-button is-style-primary\"><a class=\"wp-block-button__link wp-element-button\" href=\"https:\/\/www.prointercultura.org\/en-gb\/coaching-interculturel\/\">en savoir +<\/a><\/div>\n<\/div>\n<\/div>\n<\/div><\/div>","protected":false},"excerpt":{"rendered":"<p>Services<\/p>","protected":false},"author":1,"featured_media":32136,"parent":0,"menu_order":1,"comment_status":"closed","ping_status":"closed","template":"","meta":{"ub_ctt_via":"","_themeisle_gutenberg_block_has_review":false,"footnotes":""},"class_list":["post-32552","page","type-page","status-publish","has-post-thumbnail","hentry"],"featured_image_src":"https:\/\/www.prointercultura.org\/wp-content\/uploads\/2024\/02\/ko1g3nera2o-2-jpg.webp","yoast_head":"<!-- This site is optimized with the Yoast SEO plugin v24.6 - https:\/\/yoast.com\/wordpress\/plugins\/seo\/ -->\n<title>Accueil - Pro InterCultura<\/title>\n<meta name=\"description\" content=\"Expertise en management interculturel, communication &amp; approche interculturelle. D\u00e9finir, comprendre et am\u00e9liorer la pratique\" \/>\n<meta name=\"robots\" content=\"index, follow, max-snippet:-1, max-image-preview:large, max-video-preview:-1\" \/>\n<link rel=\"canonical\" href=\"https:\/\/www.prointercultura.org\/en-gb\/\" \/>\n<meta property=\"og:locale\" content=\"en_GB\" \/>\n<meta property=\"og:type\" content=\"article\" \/>\n<meta property=\"og:title\" content=\"Accueil - Pro InterCultura\" \/>\n<meta property=\"og:description\" content=\"Expertise en management interculturel, communication &amp; approche interculturelle. D\u00e9finir, comprendre et am\u00e9liorer la pratique\" \/>\n<meta property=\"og:url\" content=\"https:\/\/www.prointercultura.org\/en-gb\/\" \/>\n<meta property=\"og:site_name\" content=\"Pro InterCultura\" \/>\n<meta property=\"article:publisher\" content=\"https:\/\/www.facebook.com\/prointercultura\" \/>\n<meta property=\"article:modified_time\" content=\"2025-03-19T08:44:14+00:00\" \/>\n<meta property=\"og:image\" content=\"https:\/\/www.prointercultura.org\/wp-content\/uploads\/2024\/02\/ko1g3nera2o-2-jpg.webp\" \/>\n\t<meta property=\"og:image:width\" content=\"800\" \/>\n\t<meta property=\"og:image:height\" content=\"1200\" \/>\n\t<meta property=\"og:image:type\" content=\"image\/jpeg\" \/>\n<meta name=\"twitter:card\" content=\"summary_large_image\" \/>\n<meta name=\"twitter:label1\" content=\"Estimated reading time\" \/>\n\t<meta name=\"twitter:data1\" content=\"4 minutes\" \/>\n<script type=\"application\/ld+json\" class=\"yoast-schema-graph\">{\"@context\":\"https:\/\/schema.org\",\"@graph\":[{\"@type\":\"WebPage\",\"@id\":\"https:\/\/www.prointercultura.org\/\",\"url\":\"https:\/\/www.prointercultura.org\/\",\"name\":\"Accueil - Pro InterCultura\",\"isPartOf\":{\"@id\":\"https:\/\/www.prointercultura.org\/en-gb\/#website\"},\"primaryImageOfPage\":{\"@id\":\"https:\/\/www.prointercultura.org\/#primaryimage\"},\"image\":{\"@id\":\"https:\/\/www.prointercultura.org\/#primaryimage\"},\"thumbnailUrl\":\"https:\/\/www.prointercultura.org\/wp-content\/uploads\/2024\/02\/ko1g3nera2o-2-jpg.webp\",\"datePublished\":\"2025-03-07T12:57:34+00:00\",\"dateModified\":\"2025-03-19T08:44:14+00:00\",\"description\":\"Expertise en management interculturel, communication & approche interculturelle. D\u00e9finir, comprendre et am\u00e9liorer la pratique\",\"breadcrumb\":{\"@id\":\"https:\/\/www.prointercultura.org\/#breadcrumb\"},\"inLanguage\":\"en-GB\",\"potentialAction\":[{\"@type\":\"ReadAction\",\"target\":[\"https:\/\/www.prointercultura.org\/\"]}]},{\"@type\":\"ImageObject\",\"inLanguage\":\"en-GB\",\"@id\":\"https:\/\/www.prointercultura.org\/#primaryimage\",\"url\":\"https:\/\/www.prointercultura.org\/wp-content\/uploads\/2024\/02\/ko1g3nera2o-2-jpg.webp\",\"contentUrl\":\"https:\/\/www.prointercultura.org\/wp-content\/uploads\/2024\/02\/ko1g3nera2o-2-jpg.webp\",\"width\":800,\"height\":1200,\"caption\":\"a person riding skis down a snow covered slope\"},{\"@type\":\"BreadcrumbList\",\"@id\":\"https:\/\/www.prointercultura.org\/#breadcrumb\",\"itemListElement\":[{\"@type\":\"ListItem\",\"position\":1,\"name\":\"Accueil\",\"item\":\"https:\/\/www.prointercultura.org\/\"},{\"@type\":\"ListItem\",\"position\":2,\"name\":\"Accueil\"}]},{\"@type\":\"WebSite\",\"@id\":\"https:\/\/www.prointercultura.org\/en-gb\/#website\",\"url\":\"https:\/\/www.prointercultura.org\/en-gb\/\",\"name\":\"Prointercultura.org\",\"description\":\"Make the best of cultural diversity. \",\"publisher\":{\"@id\":\"https:\/\/www.prointercultura.org\/en-gb\/#organization\"},\"potentialAction\":[{\"@type\":\"SearchAction\",\"target\":{\"@type\":\"EntryPoint\",\"urlTemplate\":\"https:\/\/www.prointercultura.org\/en-gb\/?s={search_term_string}\"},\"query-input\":{\"@type\":\"PropertyValueSpecification\",\"valueRequired\":true,\"valueName\":\"search_term_string\"}}],\"inLanguage\":\"en-GB\"},{\"@type\":\"Organization\",\"@id\":\"https:\/\/www.prointercultura.org\/en-gb\/#organization\",\"name\":\"Pro InterCultura aisbl\",\"url\":\"https:\/\/www.prointercultura.org\/en-gb\/\",\"logo\":{\"@type\":\"ImageObject\",\"inLanguage\":\"en-GB\",\"@id\":\"https:\/\/www.prointercultura.org\/en-gb\/#\/schema\/logo\/image\/\",\"url\":\"https:\/\/www.prointercultura.org\/wp-content\/uploads\/2023\/02\/cropped-cropped-LogoProiNTERCULTURA.png\",\"contentUrl\":\"https:\/\/www.prointercultura.org\/wp-content\/uploads\/2023\/02\/cropped-cropped-LogoProiNTERCULTURA.png\",\"width\":239,\"height\":46,\"caption\":\"Pro InterCultura aisbl\"},\"image\":{\"@id\":\"https:\/\/www.prointercultura.org\/en-gb\/#\/schema\/logo\/image\/\"},\"sameAs\":[\"https:\/\/www.facebook.com\/prointercultura\",\"https:\/\/www.linkedin.com\/company\/pro-intercultura\/\"]}]}<\/script>\n<!-- \/ Yoast SEO plugin. -->","yoast_head_json":{"title":"Accueil - Pro InterCultura","description":"Expertise en management interculturel, communication & approche interculturelle. D\u00e9finir, comprendre et am\u00e9liorer la pratique","robots":{"index":"index","follow":"follow","max-snippet":"max-snippet:-1","max-image-preview":"max-image-preview:large","max-video-preview":"max-video-preview:-1"},"canonical":"https:\/\/www.prointercultura.org\/en-gb\/","og_locale":"en_GB","og_type":"article","og_title":"Accueil - Pro InterCultura","og_description":"Expertise en management interculturel, communication & approche interculturelle. D\u00e9finir, comprendre et am\u00e9liorer la pratique","og_url":"https:\/\/www.prointercultura.org\/en-gb\/","og_site_name":"Pro InterCultura","article_publisher":"https:\/\/www.facebook.com\/prointercultura","article_modified_time":"2025-03-19T08:44:14+00:00","og_image":[{"width":800,"height":1200,"url":"https:\/\/www.prointercultura.org\/wp-content\/uploads\/2024\/02\/ko1g3nera2o-2-jpg.webp","type":"image\/jpeg"}],"twitter_card":"summary_large_image","twitter_misc":{"Estimated reading time":"4 minutes"},"schema":{"@context":"https:\/\/schema.org","@graph":[{"@type":"WebPage","@id":"https:\/\/www.prointercultura.org\/","url":"https:\/\/www.prointercultura.org\/","name":"Accueil - Pro InterCultura","isPartOf":{"@id":"https:\/\/www.prointercultura.org\/en-gb\/#website"},"primaryImageOfPage":{"@id":"https:\/\/www.prointercultura.org\/#primaryimage"},"image":{"@id":"https:\/\/www.prointercultura.org\/#primaryimage"},"thumbnailUrl":"https:\/\/www.prointercultura.org\/wp-content\/uploads\/2024\/02\/ko1g3nera2o-2-jpg.webp","datePublished":"2025-03-07T12:57:34+00:00","dateModified":"2025-03-19T08:44:14+00:00","description":"Expertise en management interculturel, communication & approche interculturelle. D\u00e9finir, comprendre et am\u00e9liorer la pratique","breadcrumb":{"@id":"https:\/\/www.prointercultura.org\/#breadcrumb"},"inLanguage":"en-GB","potentialAction":[{"@type":"ReadAction","target":["https:\/\/www.prointercultura.org\/"]}]},{"@type":"ImageObject","inLanguage":"en-GB","@id":"https:\/\/www.prointercultura.org\/#primaryimage","url":"https:\/\/www.prointercultura.org\/wp-content\/uploads\/2024\/02\/ko1g3nera2o-2-jpg.webp","contentUrl":"https:\/\/www.prointercultura.org\/wp-content\/uploads\/2024\/02\/ko1g3nera2o-2-jpg.webp","width":800,"height":1200,"caption":"a person riding skis down a snow covered slope"},{"@type":"BreadcrumbList","@id":"https:\/\/www.prointercultura.org\/#breadcrumb","itemListElement":[{"@type":"ListItem","position":1,"name":"Accueil","item":"https:\/\/www.prointercultura.org\/"},{"@type":"ListItem","position":2,"name":"Accueil"}]},{"@type":"WebSite","@id":"https:\/\/www.prointercultura.org\/en-gb\/#website","url":"https:\/\/www.prointercultura.org\/en-gb\/","name":"Prointercultura.org","description":"Make the best of cultural diversity. ","publisher":{"@id":"https:\/\/www.prointercultura.org\/en-gb\/#organization"},"potentialAction":[{"@type":"SearchAction","target":{"@type":"EntryPoint","urlTemplate":"https:\/\/www.prointercultura.org\/en-gb\/?s={search_term_string}"},"query-input":{"@type":"PropertyValueSpecification","valueRequired":true,"valueName":"search_term_string"}}],"inLanguage":"en-GB"},{"@type":"Organization","@id":"https:\/\/www.prointercultura.org\/en-gb\/#organization","name":"Pro InterCultura aisbl","url":"https:\/\/www.prointercultura.org\/en-gb\/","logo":{"@type":"ImageObject","inLanguage":"en-GB","@id":"https:\/\/www.prointercultura.org\/en-gb\/#\/schema\/logo\/image\/","url":"https:\/\/www.prointercultura.org\/wp-content\/uploads\/2023\/02\/cropped-cropped-LogoProiNTERCULTURA.png","contentUrl":"https:\/\/www.prointercultura.org\/wp-content\/uploads\/2023\/02\/cropped-cropped-LogoProiNTERCULTURA.png","width":239,"height":46,"caption":"Pro InterCultura aisbl"},"image":{"@id":"https:\/\/www.prointercultura.org\/en-gb\/#\/schema\/logo\/image\/"},"sameAs":["https:\/\/www.facebook.com\/prointercultura","https:\/\/www.linkedin.com\/company\/pro-intercultura\/"]}]}},"jetpack_sharing_enabled":true,"_links":{"self":[{"href":"https:\/\/www.prointercultura.org\/en-gb\/wp-json\/wp\/v2\/pages\/32552","targetHints":{"allow":["GET"]}}],"collection":[{"href":"https:\/\/www.prointercultura.org\/en-gb\/wp-json\/wp\/v2\/pages"}],"about":[{"href":"https:\/\/www.prointercultura.org\/en-gb\/wp-json\/wp\/v2\/types\/page"}],"author":[{"embeddable":true,"href":"https:\/\/www.prointercultura.org\/en-gb\/wp-json\/wp\/v2\/users\/1"}],"replies":[{"embeddable":true,"href":"https:\/\/www.prointercultura.org\/en-gb\/wp-json\/wp\/v2\/comments?post=32552"}],"version-history":[{"count":15,"href":"https:\/\/www.prointercultura.org\/en-gb\/wp-json\/wp\/v2\/pages\/32552\/revisions"}],"predecessor-version":[{"id":32750,"href":"https:\/\/www.prointercultura.org\/en-gb\/wp-json\/wp\/v2\/pages\/32552\/revisions\/32750"}],"wp:featuredmedia":[{"embeddable":true,"href":"https:\/\/www.prointercultura.org\/en-gb\/wp-json\/wp\/v2\/media\/32136"}],"wp:attachment":[{"href":"https:\/\/www.prointercultura.org\/en-gb\/wp-json\/wp\/v2\/media?parent=32552"}],"curies":[{"name":"wp","href":"https:\/\/api.w.org\/{rel}","templated":true}]}}